{"id":220,"date":"2024-03-04T23:17:20","date_gmt":"2024-03-04T22:17:20","guid":{"rendered":"https:\/\/concertstudio.com\/home\/"},"modified":"2024-04-03T17:33:29","modified_gmt":"2024-04-03T15:33:29","slug":"home","status":"publish","type":"page","link":"https:\/\/concertstudio.com\/ca\/","title":{"rendered":"Home"},"content":{"rendered":"\n<section class=\"hero pb-4\">\n    <div class=\"container-fluid\">\n        <div class=\"row aspect-banner h-min-menu justify-content-center align-items-center w-100 m-auto rounded container-parallax position-relative\">\n\n            <div class=\"col-12 col-md-8 col-lg-6 text-white p-4 px-md-ini d-flex flex-column justify-content-between z-1\">\n                <img decoding=\"async\" src=\"https:\/\/concertstudio.com\/wp-content\/themes\/concert-studio\/assets\/dist\/img\/logos\/logo-white.svg\" alt=\"\" class=\"img-fluid mb-3 d-none d-md-block\">\n                <img decoding=\"async\" src=\"https:\/\/concertstudio.com\/wp-content\/themes\/concert-studio\/assets\/dist\/img\/logos\/isotipo-white.svg\" alt=\"\" class=\"img-fluid mb-3 d-md-none w-50 m-auto\">\n                <div class=\"text-center \">\n                    <p class=\"h5\">Som una promotora membre d&#8217;ARC (Associaci\u00f3 Professional de Representants, Promotors i M\u00e0nagers de Catalunya) i d&#8217;APM (Associaci\u00f3 de Promotors Musicals) amb m\u00e9s de 20 anys d&#8217;experi\u00e8ncia en el m\u00f3n de la m\u00fasica en directe.<\/p>\n                <\/div>\n                <div class=\"mouse-container\">\n                    <div class=\"mouse\"><\/div>\n                <\/div>\n            <\/div>\n            <div class=\"gradient-bg gradient-hero rounded\">\n                <svg xmlns=\"http:\/\/www.w3.org\/2000\/svg\">\n                    <defs>\n                        <filter id=\"goo\">\n                            <feGaussianBlur in=\"SourceGraphic\" stdDeviation=\"10\" result=\"blur\"\/>\n                            <feColorMatrix in=\"blur\" mode=\"matrix\" values=\"1 0 0 0 0  0 1 0 0 0  0 0 1 0 0  0 0 0 18 -8\" result=\"goo\"\/>\n                            <feBlend in=\"SourceGraphic\" in2=\"goo\"\/>\n                        <\/filter>\n                    <\/defs>\n                <\/svg>\n                <div class=\"gradients-container\">\n                    <div class=\"g1\"><\/div>\n                    <div class=\"g2\"><\/div>\n                    <div class=\"g3\"><\/div>\n                    <div class=\"g4\"><\/div>\n                    <div class=\"g5\"><\/div>\n                    <div class=\"interactive\"><\/div>\n                <\/div>\n            <\/div>\n\n        <\/div>\n    <\/div>\n<\/section>\n\n\n\n\n<section class=\"marquee pb-4\">\n    <div class=\"marquee-inner\">\n        <div class=\"marquee-part\">\n            viure la vida al m\u00e0xim        <\/div>\n    <\/div>\n<\/section>\n\n\n\n<section class=\"banner pb-4\">\n    <div class=\"container-fluid \">\n        <div class=\"row bg-black w-100 justify-content-center m-auto rounded\">\n            <div class=\"col-12 p-0 bg-gradient position-relative aspect-about rounded container-parallax\">\n                <img decoding=\"async\" class=\"img-fluid w-100 img-parallax\"\n                     src=\"https:\/\/concertstudio.com\/wp-content\/uploads\/2024\/03\/home-about-1024x344.png\"\n                     alt=\"\">\n                <div class=\"bg-overlay object-fit-cover\"><\/div>\n\n            <\/div>\n            <div class=\"col-12 col-md-11 col-lg-8 text-white text-lg-center p-4 py-md-5\">\n                <h2 class=\"pb-4\">QUI SOM<\/h2>\n                <div>\n                    <p>Concert Studio est\u00e0 format per un equip jove, din\u00e0mic i apassionat que treballa amb la il\u00b7lusi\u00f3 d&#8217;oferir la millor m\u00fasica als seus espectadors. Des de la m\u00fasica cl\u00e0ssica, passant pel jazz, flamenc, rock, pop i m\u00fasiques del m\u00f3n del panorama art\u00edstic nacional i internacional conformen els nostres objectius empresarials i el nostre comprom\u00eds amb el p\u00fablic. Barcelona \u00e9s la ciutat on se celebren la major part d&#8217;espectacles que organitzem, utilitzant les sales de concerts i espais m\u00e9s emblem\u00e0tics de la Ciutat Comtal. No obstant aix\u00f2, nostra traject\u00f2ria ens remunta a tot el territori nacional i a algunes ciutats europees on tamb\u00e9 hem programat m\u00fasica en directe.<\/p>\n                <\/div>\n            <\/div>\n        <\/div>\n    <\/div>\n<\/section>\n\n\n<section class=\"block-slider pb-4\">\n    <div class=\"container-fluid \">\n        <div class=\"row bg-light-gray aspect-banner w-100 m-auto rounded\">\n            <div class=\"col-12 col-lg-6 p-4 align-self-end\">\n                <h2 class=\"text-uppercase pb-3\">SARA BARAS<\/h2>\n                <div class=\"copy pb-3\">\n                    <h3>VUELA. BARCELONA.<\/h3>\n<h4>Del 23 d&#8217;octubre al 10 de novembre al Teatre Colliseum<\/h4>\n<p>Quan la seva companyia fa 25 anys, Sara Baras vol rendir un homenatge al geni per antonom\u00e0sia de la guitarra, Paco de Luc\u00eda, des del respecte, l&#8217;afecte i l&#8217;amor que tant es professaven, neix \u201cVuela\u201d, un espectacle creat per ser inoblidable , per transportar-nos una vegada m\u00e9s a aquest m\u00e0gic m\u00f3n que nom\u00e9s Sara Baras \u00e9s capa\u00e7 de crear.<\/p>\n<p>Afrontant en aquesta ocasi\u00f3 la responsabilitat de fer tribut al geni d&#8217;Algesires, aquest viatge coreogr\u00e0fic est\u00e0 compost per 15 peces \u00faniques, on cadascuna girar\u00e0 al voltant d&#8217;una paraula, creant aix\u00ed, amb el nostre llenguatge flamenc, paraules en moviment.<\/p>\n<p>Un recorregut fascinant dividit en quatre actes, cadascun teixeix una narrativa poderosa. Fusta, que ens recorda la for\u00e7a d&#8217;unes arrels, la calidesa de l&#8217;\u00e9sser. Mar, que ens convida a navegar a la passi\u00f3 i ser com l&#8217;aigua. Mort, una manera d&#8217;explorar les emocions humanes des del m\u00e9s profund. Volar, l&#8217;\u00fanica manera de fugir sense c\u00f3rrer, nom\u00e9s deixar-se emportar per la celebraci\u00f3 i l&#8217;alegria, una oportunitat que nom\u00e9s la m\u00fasica, el ball i els sentiments ens poden brindar.<\/p>\n                <\/div>\n\t\t\t\t                    <a href=\"https:\/\/sarabarasvuela.com\/\" class=\"btn btn-outline-gray btn-100 text-uppercase\">\n\t\t\t\t\t\tanar a la web                    <\/a>\n\t\t\t\t\t            <\/div>\n            <div class=\"col-12 col-lg-6 p-0\">\n                <div class=\"swiper mySwiper aspect-block h-100 w-100\">\n                    <div class=\"swiper-wrapper\">\n\t\t\t\t\t\t                            <div class=\"swiper-slide swiper-parallax\">\n                                <img decoding=\"async\" class=\"img-swiper img-fluid object-fit-cover w-100\"\n                                     src=\"https:\/\/concertstudio.com\/wp-content\/uploads\/2024\/03\/sarabaras.jpg\"\n                                     alt=\"\">\n                            <\/div>\n\t\t\t\t\t\t\t                    <\/div>\n                    <div class=\"swiper-pagination\"><\/div>\n                <\/div>\n            <\/div>\n        <\/div>\n    <\/div>\n<\/section>\n\n\n<section class=\"block-slider pb-4\">\n    <div class=\"container-fluid \">\n        <div class=\"row bg-light-gray aspect-banner w-100 m-auto rounded\">\n            <div class=\"col-12 col-lg-6 p-4 align-self-end\">\n                <h2 class=\"text-uppercase pb-3\">ALMA FESTIVAL BARCELONA<\/h2>\n                <div class=\"copy pb-3\">\n                    <p>ALMA Festival, anteriorment conegut com a Festival Jardins Pedralbes, \u00e9s un esdeveniment cultural de renom internacional que se celebra de forma anual durant els mesos d&#8217;estiu. Originari de Barcelona, \u200b\u200baquest festival s&#8217;ha distingit per la seva selecci\u00f3 ecl\u00e8ctica d&#8217;artistes, fusionant diferents g\u00e8neres musicals i espectacles de primer nivell en un entorn \u00fanic i encantador.<\/p>\n<p>ALMA Festival far\u00e0 un nou pas en la seva evoluci\u00f3 a partir del 2024 en expandir-se cap a la capital espanyola, Madrid, espec\u00edficament al Parc Enrique Tierno Galv\u00e1n. Aquesta expansi\u00f3 no nom\u00e9s augmentar\u00e0 l&#8217;abast del festival, sin\u00f3 que tamb\u00e9 obrir\u00e0 les portes a una audi\u00e8ncia m\u00e9s diversa i \u00e0mplia en una ubicaci\u00f3 emblem\u00e0tica de la ciutat.<\/p>\n<p>ALMA Festival Barcelona | ALMA Festival Madrid<\/p>\n                <\/div>\n\t\t\t\t                    <a href=\"https:\/\/almafestival.info\/\" class=\"btn btn-outline-gray btn-100 text-uppercase\">\n\t\t\t\t\t\tanar a la web                    <\/a>\n\t\t\t\t\t            <\/div>\n            <div class=\"col-12 col-lg-6 p-0 order-lg-first\">\n                <div class=\"swiper mySwiper aspect-block h-100 w-100\">\n                    <div class=\"swiper-wrapper\">\n\t\t\t\t\t\t                            <div class=\"swiper-slide swiper-parallax\">\n                                <img decoding=\"async\" class=\"img-swiper img-fluid object-fit-cover w-100\"\n                                     src=\"https:\/\/concertstudio.com\/wp-content\/uploads\/2024\/03\/Carlota-Figueras-Chris-Isaak-Alma-Festival-52-5.jpg\"\n                                     alt=\"\">\n                            <\/div>\n\t\t\t\t\t\t\t                    <\/div>\n                    <div class=\"swiper-pagination\"><\/div>\n                <\/div>\n            <\/div>\n        <\/div>\n    <\/div>\n<\/section>\n\n\n<section class=\"block-slider pb-4\">\n    <div class=\"container-fluid \">\n        <div class=\"row bg-light-gray aspect-banner w-100 m-auto rounded\">\n            <div class=\"col-12 col-lg-6 p-4 align-self-end\">\n                <h2 class=\"text-uppercase pb-3\">BANCO MEDIOLANUM FESTIVAL MIL\u00b7LENNI<\/h2>\n                <div class=\"copy pb-3\">\n                    <p>El Banco Mediolanum Festival Mil\u00b7lenni \u00e9s un esdeveniment musical de renom que t\u00e9 lloc a les sales de concerts de Barcelona des del setembre fins al maig. Aquest festival ha esdevingut una part integral de l&#8217;escena musical de la ciutat. El que fa que el Festival Mil\u00b7lenni sigui especial \u00e9s el seu enfocament per oferir una \u00e0mplia gamma de g\u00e8neres musicals, des del pop i el rock fins al jazz, la m\u00fasica cl\u00e0ssica i la m\u00fasica del m\u00f3n. Aquesta diversitat musical permet que els assistents tinguin l&#8217;oportunitat de gaudir d&#8217;actuacions en viu d&#8217;artistes i de bandes de renom internacional, aix\u00ed com descobrir talents emergents.<\/p>\n<p>El festival es porta a terme a diversos llocs ic\u00f2nics de Barcelona, \u200b\u200bcom ara el Palau de la M\u00fasica Catalana i el Gran Teatre del Liceu, fet que afegeix un toc especial a l&#8217;experi\u00e8ncia.<\/p>\n                <\/div>\n\t\t\t\t                    <a href=\"https:\/\/www.festival-millenni.com\/\" class=\"btn btn-outline-gray btn-100 text-uppercase\">\n\t\t\t\t\t\tanar a la web                    <\/a>\n\t\t\t\t\t            <\/div>\n            <div class=\"col-12 col-lg-6 p-0\">\n                <div class=\"swiper mySwiper aspect-block h-100 w-100\">\n                    <div class=\"swiper-wrapper\">\n\t\t\t\t\t\t                            <div class=\"swiper-slide swiper-parallax\">\n                                <img decoding=\"async\" class=\"img-swiper img-fluid object-fit-cover w-100\"\n                                     src=\"https:\/\/concertstudio.com\/wp-content\/uploads\/2024\/03\/festival_millenni.jpg\"\n                                     alt=\"\">\n                            <\/div>\n\t\t\t\t\t\t\t                    <\/div>\n                    <div class=\"swiper-pagination\"><\/div>\n                <\/div>\n            <\/div>\n        <\/div>\n    <\/div>\n<\/section>\n\n\n<section class=\"block-slider pb-4\">\n    <div class=\"container-fluid \">\n        <div class=\"row bg-light-gray aspect-banner w-100 m-auto rounded\">\n            <div class=\"col-12 col-lg-6 p-4 align-self-end\">\n                <h2 class=\"text-uppercase pb-3\">TABURETE<\/h2>\n                <div class=\"copy pb-3\">\n                    <p>Taburete, la banda formada per Willy B\u00e1rcenas i Ant\u00f3n Carre\u00f1o, va sorgir d&#8217;un c\u00famul de casualitats i amb l&#8217;\u00fanica pretensi\u00f3 de fer m\u00fasica i passar-ho b\u00e9. 9 anys i 5 \u00e0lbums despr\u00e9s, aquest grup classificat com a pop-rock per\u00f2 que ha treballat nombrosos estils musicals segueix traient m\u00fasica i sobretot deixant-se la pell als escenaris.<\/p>\n<p>El 2024 Taburete torna a la carretera amb una gira que conduir\u00e0 al seu sis\u00e8 \u00e0lbum i en qu\u00e8 es comen\u00e7aran a veure traces del que ha de venir. L&#8217;ambient festiu i la diversi\u00f3 segueixen estant garantides, aix\u00ed com els grans \u00e8xits que els han portat fins a dalt de tot del panorama nacional.<\/p>\n<p><strong>\u00danic concert a Madrid el 2024: Parc Enrique Tierno Galv\u00e1n<\/strong><\/p>\n                <\/div>\n\t\t\t\t                    <a href=\"https:\/\/proticketing.com\/concertstudio\/es_ES\/entradas\/evento\/34158\/session\/1966587\/select?_gl=1*i336xr*_gcl_au*MzQ1NzMzODMyLjE3MTEzOTk4NjM.*_ga*MTQwNzEzMDE1LjE3MTEzOTk4NjM.*_ga_8HMT05GYTC*MTcxMTM5OTg2My4xLjEuMTcxMTQwMjY1Ny40OC4wLjA.&#038;_ga=2.168993252.450703789.1711399863-140713015.1711399863&#038;viewCode=Vista_Principal\" class=\"btn btn-outline-gray btn-100 text-uppercase\">\n\t\t\t\t\t\tENTRADES                    <\/a>\n\t\t\t\t\t            <\/div>\n            <div class=\"col-12 col-lg-6 p-0 order-lg-first\">\n                <div class=\"swiper mySwiper aspect-block h-100 w-100\">\n                    <div class=\"swiper-wrapper\">\n\t\t\t\t\t\t                            <div class=\"swiper-slide swiper-parallax\">\n                                <img decoding=\"async\" class=\"img-swiper img-fluid object-fit-cover w-100\"\n                                     src=\"https:\/\/concertstudio.com\/wp-content\/uploads\/2024\/03\/taburete_crop.jpg\"\n                                     alt=\"\">\n                            <\/div>\n\t\t\t\t\t\t\t                    <\/div>\n                    <div class=\"swiper-pagination\"><\/div>\n                <\/div>\n            <\/div>\n        <\/div>\n    <\/div>\n<\/section>\n\n\n<section class=\"block-slider pb-4\">\n    <div class=\"container-fluid \">\n        <div class=\"row bg-light-gray aspect-banner w-100 m-auto rounded\">\n            <div class=\"col-12 col-lg-6 p-4 align-self-end\">\n                <h2 class=\"text-uppercase pb-3\">ANDR\u00c9 RIEU I EL SEU JOHANN STRAUSS ORCHESTRA<\/h2>\n                <div class=\"copy pb-3\">\n                    <p><strong>World Tour 2023\u00a0\u00a0<\/strong><\/p>\n<p>Andr\u00e9 Rieu va tornar a Espanya el 2023 amb la gira \u201cWorld Tour 2023\u201d. El fam\u00f3s violinista holand\u00e8s, juntament amb la Johann Strauss Orchestra, va actuar a M\u00e0laga el 10 de mar\u00e7 del 2023, Madrid el 14 de mar\u00e7 del 2023 al Wizink Center i Barcelona el 12 de mar\u00e7 del 2023 al Palau Sant Jordi.<\/p>\n                <\/div>\n\t\t\t\t            <\/div>\n            <div class=\"col-12 col-lg-6 p-0\">\n                <div class=\"swiper mySwiper aspect-block h-100 w-100\">\n                    <div class=\"swiper-wrapper\">\n\t\t\t\t\t\t                            <div class=\"swiper-slide swiper-parallax\">\n                                <img decoding=\"async\" class=\"img-swiper img-fluid object-fit-cover w-100\"\n                                     src=\"https:\/\/concertstudio.com\/wp-content\/uploads\/2024\/03\/Rieu_2022_D.jpg\"\n                                     alt=\"\">\n                            <\/div>\n\t\t\t\t\t\t\t                    <\/div>\n                    <div class=\"swiper-pagination\"><\/div>\n                <\/div>\n            <\/div>\n        <\/div>\n    <\/div>\n<\/section>\n\n\n\n<section class=\"newsletter\">\n    <div class=\"container-fluid pb-4 w-100 text-white\">\n        <div class=\"row rounded w-100 m-auto container-parallax position-relative\">\n            <div class=\"col-12\">\n                <div class=\"row aspect-newsletter align-content-start align-content-lg-center w-100  p-md-4 m-auto text-lg-center gy-4 \">\n                    <h2 class=\"col-12 h2 text-uppercase z-1\">subscriu-te a la newsletter<\/h2>\n                    <div class=\"col-12 col-lg-6 offset-lg-3 z-1\">\n                        <p>Pots estar al corrent de les nostres novetats a trav\u00e9s de les nostres xarxes socials o subscrivint-te a la nostra newsletter.<\/p>\n                    <\/div>\n                    <div class=\"col-12 col-lg-6 col-xl-4 offset-lg-3 offset-xl-4 z-1\">\n                        <form id=\"form-newsletter\" class=\"row form-newsletter gy-5\" data-formulario=\"newsletter\">\n                            <div class=\"col-12\">\n                                <label for=\"emailNewsletter\" class=\"form-label visually-hidden\">Email<\/label>\n                                <input type=\"email\" class=\"form-control\" id=\"emailNewsletter\" placeholder=\"Email\"\n                                       name=\"emailNewsletter\" data-name=\"email\" data-required=\"required\"\n                                       data-option=\"email\">\n                            <\/div>\n                            <div class=\"col-12 w-lg-max\">\n                                <div class=\"form-check form-check-xs w-lg-max\">\n                                    <input type=\"checkbox\" class=\"form-check-input\" id=\"newsletterPrivacy\" name=\"newsletterPrivacy\" data-name=\"checkbox\" data-required=\"required\" data-option=\"checkbox\">\n                                    <label class=\"form-check-label text-white legend\" for=\"newsletterPrivacy\">\n                                        He le\u00eddo y acepto la pol\u00edtica de privacidad y protecci\u00f3n de datos\n                                    <\/label>\n                                <\/div>\n                            <\/div>\n                            <div class=\"col-12\">\n                                <button type=\"submit\" class=\"btn btn-light\">Subscriure&#8217;s<\/button>\n                            <\/div>\n                            <div class=\"col-12 m-0 alerts\">\n                                <div class=\"alert alert-template mb-4 mb-0 alert alert-light alert-dismissible fade d-none\"\n                                     role=\"alert\">\n                                    <span class=\"message\"><\/span>\n                                    <button type=\"button\" class=\"btn-close\" data-bs-dismiss=\"alert\"\n                                            aria-label=\"Close\"><\/button>\n                                <\/div>\n                            <\/div>\n                        <\/form>\n                    <\/div>\n                <\/div>\n            <\/div>\n            <div class=\"gradient-bg rounded\">\n                <svg xmlns=\"http:\/\/www.w3.org\/2000\/svg\">\n                    <defs>\n                        <filter id=\"goo\">\n                            <feGaussianBlur in=\"SourceGraphic\" stdDeviation=\"10\" result=\"blur\"\/>\n                            <feColorMatrix in=\"blur\" mode=\"matrix\" values=\"1 0 0 0 0  0 1 0 0 0  0 0 1 0 0  0 0 0 18 -8\" result=\"goo\"\/>\n                            <feBlend in=\"SourceGraphic\" in2=\"goo\"\/>\n                        <\/filter>\n                    <\/defs>\n                <\/svg>\n                <div class=\"gradients-container img-parallax\">\n                    <div class=\"g1\"><\/div>\n                    <div class=\"g2\"><\/div>\n                    <div class=\"g3\"><\/div>\n                    <div class=\"g4\"><\/div>\n                    <div class=\"g5\"><\/div>\n                    <div class=\"interactive\"><\/div>\n                <\/div>\n            <\/div>\n        <\/div>\n    <\/div>\n<\/section>\n\n\n<section class=\"block-slider\">\n    <div class=\"container-fluid \">\n        <div class=\"row w-100 m-auto \">\n            <div class=\"col-12 col-lg-6 px-0 pb-4 pe-md-2\">\n                <div class=\"block-text rounded bg-light-gray d-flex flex-column h-100 px-4 py-5\">\n                    <h3 class=\"text-uppercase pb-3\">\n\t\t\t\t\t\tContacta&#8217;ns                    <\/h3>\n                    <div class=\"copy pb-3\">\n                        <p>Pots estar al corrent de les nostres novetats a trav\u00e9s de les nostres xarxes socials o subscrivint-te a la nostra newsletter.<\/p>\n                    <\/div>\n                    <a href=\"https:\/\/google.es\"\n                       class=\"btn btn-outline-gray btn-100 w-max\" target=\"_blank\">Contacte<\/a>\n                <\/div>\n            <\/div>\n            <div class=\"col-12 col-lg-6 px-0 pb-4 ps-md-2\">\n                <div class=\"block-text rounded bg-light-gray d-flex flex-column h-100 px-4 py-5\">\n                    <h3 class=\"text-uppercase pb-3\">Segueix-nos en xarxes<\/h3>\n                    <div class=\"copy pb-3\">\n                        <p>Pots estar al corrent de les nostres novetats a trav\u00e9s de les nostres xarxes socials o subscrivint-te a la nostra newsletter.<\/p>\n\n                    <\/div>\n\t\t\t\t\t                        <ul class=\"social\">\n\t\t\t\t\t\t\t                                <li>\n                                    <a href=\"https:\/\/www.facebook.com\/FestivalMillenni\" target=\"_blank\">\n                                        <span class=\"visually-hidden\">Facebook<\/span>\n                                    <\/a>\n                                <\/li>\n\t\t\t\t\t\t\t\t                                <li>\n                                    <a href=\"https:\/\/twitter.com\/FMillenni\" target=\"_blank\">\n                                        <span class=\"visually-hidden\">Twitter<\/span>\n                                    <\/a>\n                                <\/li>\n\t\t\t\t\t\t\t\t                                <li>\n                                    <a href=\"https:\/\/www.instagram.com\/concertstudio.oficial\/\" target=\"_blank\">\n                                        <span class=\"visually-hidden\">Instagram<\/span>\n                                    <\/a>\n                                <\/li>\n\t\t\t\t\t\t\t\t                                <li>\n                                    <a href=\"https:\/\/www.youtube.com\/user\/FestivalMillenni\" target=\"_blank\">\n                                        <span class=\"visually-hidden\">Youtube<\/span>\n                                    <\/a>\n                                <\/li>\n\t\t\t\t\t\t\t\t                        <\/ul>\n\t\t\t\t\t\t                <\/div>\n            <\/div>\n        <\/div>\n    <\/div>\n<\/section>\n","protected":false},"excerpt":{"rendered":"","protected":false},"author":1,"featured_media":0,"parent":0,"menu_order":0,"comment_status":"closed","ping_status":"closed","template":"","meta":{"_acf_changed":false,"footnotes":""},"acf":[],"yoast_head":"<!-- This site is optimized with the Yoast SEO plugin v22.3 - https:\/\/yoast.com\/wordpress\/plugins\/seo\/ -->\n<title>Home - Concert Studio<\/title>\n<meta name=\"robots\" content=\"index, follow, max-snippet:-1, max-image-preview:large, max-video-preview:-1\" \/>\n<link rel=\"canonical\" href=\"https:\/\/concertstudio.com\/ca\/\" \/>\n<meta property=\"og:locale\" content=\"ca_ES\" \/>\n<meta property=\"og:type\" content=\"article\" \/>\n<meta property=\"og:title\" content=\"Home - Concert Studio\" \/>\n<meta property=\"og:url\" content=\"https:\/\/concertstudio.com\/ca\/\" \/>\n<meta property=\"og:site_name\" content=\"Concert Studio\" \/>\n<meta property=\"article:modified_time\" content=\"2024-04-03T15:33:29+00:00\" \/>\n<meta name=\"twitter:card\" content=\"summary_large_image\" \/>\n<script type=\"application\/ld+json\" class=\"yoast-schema-graph\">{\"@context\":\"https:\/\/schema.org\",\"@graph\":[{\"@type\":\"WebPage\",\"@id\":\"https:\/\/concertstudio.com\/ca\/\",\"url\":\"https:\/\/concertstudio.com\/ca\/\",\"name\":\"Home - Concert Studio\",\"isPartOf\":{\"@id\":\"https:\/\/concertstudio.com\/ca\/#website\"},\"datePublished\":\"2024-03-04T22:17:20+00:00\",\"dateModified\":\"2024-04-03T15:33:29+00:00\",\"breadcrumb\":{\"@id\":\"https:\/\/concertstudio.com\/ca\/#breadcrumb\"},\"inLanguage\":\"ca\",\"potentialAction\":[{\"@type\":\"ReadAction\",\"target\":[\"https:\/\/concertstudio.com\/ca\/\"]}]},{\"@type\":\"BreadcrumbList\",\"@id\":\"https:\/\/concertstudio.com\/ca\/#breadcrumb\",\"itemListElement\":[{\"@type\":\"ListItem\",\"position\":1,\"name\":\"Portada\",\"item\":\"https:\/\/concertstudio.com\/ca\/\"},{\"@type\":\"ListItem\",\"position\":2,\"name\":\"Home\"}]},{\"@type\":\"WebSite\",\"@id\":\"https:\/\/concertstudio.com\/ca\/#website\",\"url\":\"https:\/\/concertstudio.com\/ca\/\",\"name\":\"Concert Studio\",\"description\":\"Promotora Musical | Live Music Promoters\",\"potentialAction\":[{\"@type\":\"SearchAction\",\"target\":{\"@type\":\"EntryPoint\",\"urlTemplate\":\"https:\/\/concertstudio.com\/ca\/?s={search_term_string}\"},\"query-input\":\"required name=search_term_string\"}],\"inLanguage\":\"ca\"}]}<\/script>\n<!-- \/ Yoast SEO plugin. -->","yoast_head_json":{"title":"Home - Concert Studio","robots":{"index":"index","follow":"follow","max-snippet":"max-snippet:-1","max-image-preview":"max-image-preview:large","max-video-preview":"max-video-preview:-1"},"canonical":"https:\/\/concertstudio.com\/ca\/","og_locale":"ca_ES","og_type":"article","og_title":"Home - Concert Studio","og_url":"https:\/\/concertstudio.com\/ca\/","og_site_name":"Concert Studio","article_modified_time":"2024-04-03T15:33:29+00:00","twitter_card":"summary_large_image","schema":{"@context":"https:\/\/schema.org","@graph":[{"@type":"WebPage","@id":"https:\/\/concertstudio.com\/ca\/","url":"https:\/\/concertstudio.com\/ca\/","name":"Home - Concert Studio","isPartOf":{"@id":"https:\/\/concertstudio.com\/ca\/#website"},"datePublished":"2024-03-04T22:17:20+00:00","dateModified":"2024-04-03T15:33:29+00:00","breadcrumb":{"@id":"https:\/\/concertstudio.com\/ca\/#breadcrumb"},"inLanguage":"ca","potentialAction":[{"@type":"ReadAction","target":["https:\/\/concertstudio.com\/ca\/"]}]},{"@type":"BreadcrumbList","@id":"https:\/\/concertstudio.com\/ca\/#breadcrumb","itemListElement":[{"@type":"ListItem","position":1,"name":"Portada","item":"https:\/\/concertstudio.com\/ca\/"},{"@type":"ListItem","position":2,"name":"Home"}]},{"@type":"WebSite","@id":"https:\/\/concertstudio.com\/ca\/#website","url":"https:\/\/concertstudio.com\/ca\/","name":"Concert Studio","description":"Promotora Musical | Live Music Promoters","potentialAction":[{"@type":"SearchAction","target":{"@type":"EntryPoint","urlTemplate":"https:\/\/concertstudio.com\/ca\/?s={search_term_string}"},"query-input":"required name=search_term_string"}],"inLanguage":"ca"}]}},"_links":{"self":[{"href":"https:\/\/concertstudio.com\/ca\/wp-json\/wp\/v2\/pages\/220"}],"collection":[{"href":"https:\/\/concertstudio.com\/ca\/wp-json\/wp\/v2\/pages"}],"about":[{"href":"https:\/\/concertstudio.com\/ca\/wp-json\/wp\/v2\/types\/page"}],"author":[{"embeddable":true,"href":"https:\/\/concertstudio.com\/ca\/wp-json\/wp\/v2\/users\/1"}],"replies":[{"embeddable":true,"href":"https:\/\/concertstudio.com\/ca\/wp-json\/wp\/v2\/comments?post=220"}],"version-history":[{"count":9,"href":"https:\/\/concertstudio.com\/ca\/wp-json\/wp\/v2\/pages\/220\/revisions"}],"predecessor-version":[{"id":230,"href":"https:\/\/concertstudio.com\/ca\/wp-json\/wp\/v2\/pages\/220\/revisions\/230"}],"wp:attachment":[{"href":"https:\/\/concertstudio.com\/ca\/wp-json\/wp\/v2\/media?parent=220"}],"curies":[{"name":"wp","href":"https:\/\/api.w.org\/{rel}","templated":true}]}}